{"id":2570,"date":"2024-10-11T11:35:24","date_gmt":"2024-10-11T09:35:24","guid":{"rendered":"https:\/\/ambbudapest.esteri.it\/?page_id=2570"},"modified":"2025-11-04T12:12:12","modified_gmt":"2025-11-04T11:12:12","slug":"xxiv-olasz-nyelv-vilaghete","status":"publish","type":"page","link":"https:\/\/ambbudapest.esteri.it\/hu\/italia-e-ungheria\/diplomazia-culturale\/lingua-e-cultura-italiana\/xxiv-olasz-nyelv-vilaghete\/","title":{"rendered":"XXIV. Olasz nyelv vil\u00e1ghete"},"content":{"rendered":"<p>2024. okt\u00f3ber 14-20. k\u00f6z\u00f6tt az olasz k\u00f6zt\u00e1rsas\u00e1gi eln\u00f6k f\u0151v\u00e9dn\u00f6ks\u00e9ge alatt ker\u00fcl megrendez\u00e9sre a XXIV. Olasz nyelv vil\u00e1ghete (SLIM), nyelv\u00fcnk vil\u00e1gm\u00e9ret\u0171 n\u00e9pszer\u0171s\u00edt\u00e9s\u00e9nek legf\u0151bb rendezv\u00e9nye, amelyet a diplom\u00e1ciai-konzuli h\u00e1l\u00f3zat \u00e9s az olasz kultur\u00e1lis int\u00e9zetek \u00e9vente szerveznek imm\u00e1r hagyom\u00e1nyos partnereinkkel (MIM, MUR, MiC, Sv\u00e1jci Nagyk\u00f6vets\u00e9g, Accademia della Crusca, Cepell, CGIE, Comunit\u00e0 Radiotelevisiva Italofona, RAI, Societ\u00e0 Dante Alighieri \u00e9s Treccani).<\/p>\n<p>Az olasz k\u00f6nyvkiad\u00e1s nemzetk\u00f6zi megjelen\u00e9se szempontj\u00e1b\u00f3l igen jelent\u0151s \u00e9vben &#8211; amelyben Olaszorsz\u00e1g d\u00edszvend\u00e9gk\u00e9nt vesz r\u00e9szt a tuniszi (\u00e1prilis 19-28.), a vars\u00f3i (m\u00e1jus 23-26.) \u00e9s a frankfurti (okt\u00f3ber 16-20.) nemzetk\u00f6zi k\u00f6nyvv\u00e1s\u00e1ron &#8211; az Olasz Nyelv Vil\u00e1ghet\u00e9t az \u201eAz olasz nyelv \u00e9s a k\u00f6nyv: a vil\u00e1g a sorok k\u00f6z\u00f6tt\u201d t\u00e9m\u00e1nak szentelj\u00fck.<\/p>\n<p>Az idei kiad\u00e1s okt\u00f3ber 8-\u00e1n tartott bemutat\u00f3 rendezv\u00e9nye<a href=\"https:\/\/youtube.com\/live\/Ic66j0bjgGY\"> itt<\/a> tekinthet\u0151 meg.<\/p>\n<p>Ebb\u0151l az alkalomb\u00f3l az Accademia della Crusca egy olasz nyelv\u0171 k\u00f6tetet k\u00e9sz\u00edtett \u201e<a href=\"https:\/\/www.goware-apps.com\/libri\/litaliano-e-il-libro-il-mondo-fra-le-righe\/\">Az olasz nyelv \u00e9s a k\u00f6nyv: a vil\u00e1g a sorok k\u00f6z\u00f6tt<\/a>\u201d c\u00edmmel.<\/p>\n<p>A ki\u00e1ll\u00edt\u00e1s alkalm\u00e1b\u00f3l tervezett budapesti rendezv\u00e9nyekr\u0151l <a href=\"https:\/\/iicbudapest.esteri.it\/hu\/gli_eventi\/calendario\/\">ide kattintva<\/a> t\u00e1j\u00e9koz\u00f3dhat.<\/p>\n","protected":false},"excerpt":{"rendered":"2024. okt\u00f3ber 14-20. k\u00f6z\u00f6tt az olasz k\u00f6zt\u00e1rsas\u00e1gi eln\u00f6k f\u0151v\u00e9dn\u00f6ks\u00e9ge alatt ker\u00fcl megrendez\u00e9sre a XXIV. Olasz nyelv vil\u00e1ghete (SLIM), nyelv\u00fcnk vil\u00e1gm\u00e9ret\u0171 n\u00e9pszer\u0171s\u00edt\u00e9s\u00e9nek legf\u0151bb rendezv\u00e9nye, amelyet a diplom\u00e1ciai-konzuli h\u00e1l\u00f3zat \u00e9s az olasz kultur\u00e1lis int\u00e9zetek \u00e9vente szerveznek imm\u00e1r hagyom\u00e1nyos partnereinkkel (MIM, MUR, MiC, Sv\u00e1jci Nagyk\u00f6vets\u00e9g, Accademia della Crusca, Cepell, CGIE, Comunit\u00e0 Radiotelevisiva Italofona, RAI, Societ\u00e0 Dante Alighieri \u00e9s [&hellip;]","protected":false},"author":4,"featured_media":2564,"parent":174,"menu_order":0,"comment_status":"closed","ping_status":"closed","template":"","meta":{"footnotes":""},"class_list":["post-2570","page","type-page","status-publish","has-post-thumbnail","hentry"],"_links":{"self":[{"href":"https:\/\/ambbudapest.esteri.it\/hu\/wp-json\/wp\/v2\/pages\/2570","targetHints":{"allow":["GET"]}}],"collection":[{"href":"https:\/\/ambbudapest.esteri.it\/hu\/wp-json\/wp\/v2\/pages"}],"about":[{"href":"https:\/\/ambbudapest.esteri.it\/hu\/wp-json\/wp\/v2\/types\/page"}],"author":[{"embeddable":true,"href":"https:\/\/ambbudapest.esteri.it\/hu\/wp-json\/wp\/v2\/users\/4"}],"replies":[{"embeddable":true,"href":"https:\/\/ambbudapest.esteri.it\/hu\/wp-json\/wp\/v2\/comments?post=2570"}],"version-history":[{"count":5,"href":"https:\/\/ambbudapest.esteri.it\/hu\/wp-json\/wp\/v2\/pages\/2570\/revisions"}],"predecessor-version":[{"id":3587,"href":"https:\/\/ambbudapest.esteri.it\/hu\/wp-json\/wp\/v2\/pages\/2570\/revisions\/3587"}],"up":[{"embeddable":true,"href":"https:\/\/ambbudapest.esteri.it\/hu\/wp-json\/wp\/v2\/pages\/174"}],"wp:featuredmedia":[{"embeddable":true,"href":"https:\/\/ambbudapest.esteri.it\/hu\/wp-json\/wp\/v2\/media\/2564"}],"wp:attachment":[{"href":"https:\/\/ambbudapest.esteri.it\/hu\/wp-json\/wp\/v2\/media?parent=2570"}],"curies":[{"name":"wp","href":"https:\/\/api.w.org\/{rel}","templated":true}]}}