{"id":205,"date":"2023-04-11T17:09:11","date_gmt":"2023-04-11T15:09:11","guid":{"rendered":"https:\/\/ambbudapest.esteri.it\/news\/"},"modified":"2023-10-16T16:55:10","modified_gmt":"2023-10-16T14:55:10","slug":"news","status":"publish","type":"page","link":"https:\/\/ambbudapest.esteri.it\/hu\/news\/","title":{"rendered":"h\u00edrek"},"content":{"rendered":"        <div class=\"row\">\n\t\t\t<!-- Ricerca sedi post -->\n\t\t\t<div class=\"col-12 mt-4\">\n\t\t\t  <div class=\"callout callout-highlight note ricerca-esteri p-4\">\n                    <div class=\"callout-title\">\n                        <svg class=\"icon\">\n                            <use xlink:href=\"https:\/\/ambbudapest.esteri.it\/wp-content\/themes\/sedi-tema\/assets\/svg\/sprites.svg#it-search\"><\/use>\n                        <\/svg>Keres\u00e9si szempontok megad\u00e1sa                    <\/div>\n                    <form id=\"searchFormPost\" name=\"form-search-post\" class=\"form-row align-items-center\" action=\"https:\/\/ambbudapest.esteri.it\/hu\/wp-json\/wp\/v2\/pages\/205\/\" method=\"GET\"> \n                        <!-- <div class=\"form-group pt-5\"> -->\n                            <!-- <input type=\"hidden\" id=\"lang\" name=\"lang\" value=\"\"> --> <!-- <\/div> -->\n\n                        <div class=\"it-datepicker-wrapper\">\n                            <div class=\"row\">\n                                <div class=\"form-group col-md-6\">\n                                    <label class=\"active\" for=\"date-init\">-t\u00f3l<\/label>\n                                    <input class=\"form-control\" name=\"date-init\" id=\"date-init\" type=\"date\" placeholder=\"gg\/mm\/aaaa\" value=\"\"lang=\"en-EN\">  \n                                <\/div>\n                                <div class=\"form-group col-md-6\">\n                                    <label class=\"active\" for=\"date-end\">-ig<\/label>\n                                    <input class=\"form-control\" name=\"date-end\" id=\"date-end\" type=\"date\" placeholder=\"gg\/mm\/aaaa\" value=\"\">\n                                <\/div>\n                            <\/div>\n                        <\/div>\n                        <div class=\"form-group col-md-12 mt-3\">\n                            <label for=\"searchText\">Szabad keres\u0151mez\u0151<\/label>\n                            <input type=\"text\" name=\"searchText\" class=\"form-control\" id=\"searchText\" value=\"\">\n                        <\/div>\n                        <div class=\"form-group col-md-4 offset-md-8 text-end\">\n                            <a href=\"https:\/\/ambbudapest.esteri.it\/hu\/news\/\" title=\"Form reset\" id=\"resetImput\" class=\"btn btn-outline-primary btn-xs\">Reset<\/a>\n                            <button type=\"submit\" class=\"btn btn-primary btn-xs\">Mutasd a tal\u00e1latokat<\/button>\n                        <\/div>\n                    <\/form>\n\t\t\t\t<\/div>\n\t\t\t<\/div>\n\t\t<\/div>\n                    \n            <div class=\"row\">\n                            <div class=\"col-12 mt-3\">\n                <!--start card-->\n                <div class=\"card-wrapper card-space\">\n                    <div class=\"card card-bg card-big border-bottom-card\">\n                        <div class=\"card-body \">\n                                                        <div class=\"category-top\">\n                                                                                                            <span class=\"\">\n                                        <svg class=\"icon icon-secondary\">\n                                            <use xlink:href=\"https:\/\/ambbudapest.esteri.it\/wp-content\/themes\/sedi-tema\/assets\/svg\/sprites.svg#it-calendar\"><\/use>\n                                        <\/svg> 14 \u00e1prilis 2026                                    <\/span>\n                                                                    <\/div>\n                            <h5 class=\"card-title big-heading text-uppercase\"><a class=\"text-body text-decoration-none\" href=\"https:\/\/ambbudapest.esteri.it\/hu\/news\/dall_ambasciata\/2026\/04\/magyarorszag-hangjai-koncert-trieszt-2026-04-24\/\" title=\"&#8222;Magyarorsz\u00e1g hangjai&#8221; koncert &#8211; Trieszt, 2026. 04. 24.\">&#8222;Magyarorsz\u00e1g hangjai&#8221; koncert &#8211; Trieszt, 2026. 04. 24.<\/a><\/h5>\n                            <p class=\"card-text\">A Trieszt \u00e9s Budapest k\u00f6z\u00f6tti kapcsolatok er\u0151s\u00edt\u00e9s\u00e9re \u00e9letre h\u00edvott I. TriBu.City Fest alkalm\u00e1b\u00f3l (2026. \u00e1prilis 21\u201326.), a budapesti Dante Alighieri T\u00e1rsas\u00e1g (ADABp) a Giuseppe Tartini Zeneakad\u00e9mi\u00e1val egy\u00fcttm\u0171k\u00f6dve megh\u00edvja \u00d6nt a SUONI D\u2019UNGHERIA (Magyarorsz\u00e1g hangjai) c\u00edm\u0171 koncertre, amelyre \u00e1prilis 24-\u00e9n ker\u00fcl sor Triesztben. Az esem\u00e9ny egy k\u00fcl\u00f6nleges zenei utaz\u00e1snak \u00edg\u00e9rkezik \u00e9nekkel, virtuozit\u00e1ssal \u00e9s hagyom\u00e1ny\u0151rz\u00e9ssel, ahol az [&hellip;]<\/p>\n                                <a title=\"&#8222;Magyarorsz\u00e1g hangjai&#8221; koncert &#8211; Trieszt, 2026. 04. 24.\" class=\"read-more\" href=\"https:\/\/ambbudapest.esteri.it\/hu\/news\/dall_ambasciata\/2026\/04\/magyarorszag-hangjai-koncert-trieszt-2026-04-24\/\">\n                                    <span class=\"text\">Mutass t\u00f6bbet<\/span>\n                                    <svg class=\"icon\">\n                                    <use xlink:href=\"https:\/\/ambbudapest.esteri.it\/wp-content\/themes\/sedi-tema\/assets\/svg\/sprites.svg#it-arrow-right\"><\/use>\n                                    <\/svg>\n                                <\/a>\n                                                    <\/div>\n                    <\/div>\n                <\/div>\n                <!--end card-->\n                <\/div><!-- col-12 .mt-3-->\n                            <div class=\"col-12 mt-3\">\n                <!--start card-->\n                <div class=\"card-wrapper card-space\">\n                    <div class=\"card card-bg card-big border-bottom-card\">\n                        <div class=\"card-body \">\n                                                        <div class=\"category-top\">\n                                                                                                            <span class=\"\">\n                                        <svg class=\"icon icon-secondary\">\n                                            <use xlink:href=\"https:\/\/ambbudapest.esteri.it\/wp-content\/themes\/sedi-tema\/assets\/svg\/sprites.svg#it-calendar\"><\/use>\n                                        <\/svg> 19 m\u00e1rcius 2026                                    <\/span>\n                                                                    <\/div>\n                            <h5 class=\"card-title big-heading text-uppercase\"><a class=\"text-body text-decoration-none\" href=\"https:\/\/ambbudapest.esteri.it\/hu\/news\/dall_ambasciata\/2026\/03\/chieti-pescara-i-egyetem-osztondijak\/\" title=\"Chieti-Pescara-i Egyetem &#8211; \u00d6szt\u00f6nd\u00edjak\">Chieti-Pescara-i Egyetem &#8211; \u00d6szt\u00f6nd\u00edjak<\/a><\/h5>\n                            <p class=\"card-text\">A \u00a0Chieti\u2013Pescara-i Gabriele d\u2019Annunzio Tudom\u00e1nyegyetem nemr\u00e9giben 15 \u00f6szt\u00f6nd\u00edjat hirdetett meg olyan m\u00e1s orsz\u00e1gbeli hallgat\u00f3k sz\u00e1m\u00e1ra, akik k\u00fclf\u00f6ld\u00f6n szerezt\u00e9k meg v\u00e9gzetts\u00e9g\u00fcket. Ezek k\u00f6z\u00fcl 5 \u00f6szt\u00f6nd\u00edj azoknak sz\u00f3l, akik k\u00f6z\u00f6s k\u00e9pz\u00e9sekre vagy INGENIUM Pathways programokra szeretn\u00e9nek beiratkozni, m\u00edg a fennmarad\u00f3 10 \u00f6szt\u00f6nd\u00edj az al\u00e1bbi k\u00e9pz\u00e9sekre jelentkez\u0151k sz\u00e1m\u00e1ra \u00e9rhet\u0151 el a 2026\u20132027-es tan\u00e9vben: &#8211; Bachelor in Economics and [&hellip;]<\/p>\n                                <a title=\"Chieti-Pescara-i Egyetem &#8211; \u00d6szt\u00f6nd\u00edjak\" class=\"read-more\" href=\"https:\/\/ambbudapest.esteri.it\/hu\/news\/dall_ambasciata\/2026\/03\/chieti-pescara-i-egyetem-osztondijak\/\">\n                                    <span class=\"text\">Mutass t\u00f6bbet<\/span>\n                                    <svg class=\"icon\">\n                                    <use xlink:href=\"https:\/\/ambbudapest.esteri.it\/wp-content\/themes\/sedi-tema\/assets\/svg\/sprites.svg#it-arrow-right\"><\/use>\n                                    <\/svg>\n                                <\/a>\n                                                    <\/div>\n                    <\/div>\n                <\/div>\n                <!--end card-->\n                <\/div><!-- col-12 .mt-3-->\n                            <div class=\"col-12 mt-3\">\n                <!--start card-->\n                <div class=\"card-wrapper card-space\">\n                    <div class=\"card card-bg card-big border-bottom-card\">\n                        <div class=\"card-body \">\n                                                        <div class=\"category-top\">\n                                                                                                            <span class=\"\">\n                                        <svg class=\"icon icon-secondary\">\n                                            <use xlink:href=\"https:\/\/ambbudapest.esteri.it\/wp-content\/themes\/sedi-tema\/assets\/svg\/sprites.svg#it-calendar\"><\/use>\n                                        <\/svg> 19 m\u00e1rcius 2026                                    <\/span>\n                                                                    <\/div>\n                            <h5 class=\"card-title big-heading text-uppercase\"><a class=\"text-body text-decoration-none\" href=\"https:\/\/ambbudapest.esteri.it\/hu\/news\/dall_ambasciata\/2026\/03\/italia-radiosa-la-web-radio-internazionale-delle-scuole-italiane-nel-mondo\/\" title=\"Italia RADIOsa: la web radio internazionale delle scuole italiane nel mondo\">Italia RADIOsa: la web radio internazionale delle scuole italiane nel mondo<\/a><\/h5>\n                            <p class=\"card-text\">Il progetto\u00a0\u201cItalia RADIOsa\u201d, tramite \u00a0la prima web radio interscolastica internazionale, \u00e8 dedicato alle scuole italiane all\u2019estero, statali e paritarie, e alla rete dei lettorati. Promossa nell\u2019ambito del Sistema della Formazione Italiana nel Mondo (SFIM) e nata in occasione delle celebrazioni per i 100 anni della radio e il 150\u00b0 anniversario della nascita di Guglielmo Marconi, [&hellip;]<\/p>\n                                <a title=\"Italia RADIOsa: la web radio internazionale delle scuole italiane nel mondo\" class=\"read-more\" href=\"https:\/\/ambbudapest.esteri.it\/hu\/news\/dall_ambasciata\/2026\/03\/italia-radiosa-la-web-radio-internazionale-delle-scuole-italiane-nel-mondo\/\">\n                                    <span class=\"text\">Mutass t\u00f6bbet<\/span>\n                                    <svg class=\"icon\">\n                                    <use xlink:href=\"https:\/\/ambbudapest.esteri.it\/wp-content\/themes\/sedi-tema\/assets\/svg\/sprites.svg#it-arrow-right\"><\/use>\n                                    <\/svg>\n                                <\/a>\n                                                    <\/div>\n                    <\/div>\n                <\/div>\n                <!--end card-->\n                <\/div><!-- col-12 .mt-3-->\n                            <div class=\"col-12 mt-3\">\n                <!--start card-->\n                <div class=\"card-wrapper card-space\">\n                    <div class=\"card card-bg card-big border-bottom-card\">\n                        <div class=\"card-body \">\n                                                        <div class=\"category-top\">\n                                                                                                            <span class=\"\">\n                                        <svg class=\"icon icon-secondary\">\n                                            <use xlink:href=\"https:\/\/ambbudapest.esteri.it\/wp-content\/themes\/sedi-tema\/assets\/svg\/sprites.svg#it-calendar\"><\/use>\n                                        <\/svg> 18 m\u00e1rcius 2026                                    <\/span>\n                                                                    <\/div>\n                            <h5 class=\"card-title big-heading text-uppercase\"><a class=\"text-body text-decoration-none\" href=\"https:\/\/ambbudapest.esteri.it\/hu\/news\/dall_ambasciata\/2026\/03\/veronai-tudomanyegyetem-osztondijak-es-hallgatoi-tamogatasok\/\" title=\"Veronai Tudom\u00e1nyegyetem: \u00d6szt\u00f6nd\u00edjak \u00e9s hallgat\u00f3i t\u00e1mogat\u00e1sok\">Veronai Tudom\u00e1nyegyetem: \u00d6szt\u00f6nd\u00edjak \u00e9s hallgat\u00f3i t\u00e1mogat\u00e1sok<\/a><\/h5>\n                            <p class=\"card-text\">A Veronai Tudom\u00e1nyegyetem nemr\u00e9giben 15, egyenk\u00e9nt 8.000 eur\u00f3 \u00e9rt\u00e9k\u0171, tand\u00edjmentess\u00e9get is biztos\u00edt\u00f3 \u00f6szt\u00f6nd\u00edj, valamint 48 darab 1.000 eur\u00f3 \u00e9rt\u00e9k\u0171 kedvezm\u00e9nyes hallgat\u00f3i t\u00e1mogat\u00e1s oda\u00edt\u00e9l\u00e9s\u00e9re ir\u00e1nyul\u00f3 el\u0151felv\u00e9teli p\u00e1ly\u00e1zatot tett k\u00f6zz\u00e9. A p\u00e1ly\u00e1zat kifejezetten olasz \u00e1llampolg\u00e1rs\u00e1ggal nem rendelkez\u0151 hallgat\u00f3k sz\u00e1m\u00e1ra sz\u00f3l (kiv\u00e9ve a kett\u0151s \u00e1llampolg\u00e1rs\u00e1g eseteit), akik Olaszorsz\u00e1gon k\u00edv\u00fcl \u00e9lnek, k\u00fclf\u00f6ld\u00f6n szerzett v\u00e9gzetts\u00e9ggel rendelkeznek, \u00e9s nemzetk\u00f6zi mesterk\u00e9pz\u00e9sre szeretn\u00e9nek [&hellip;]<\/p>\n                                <a title=\"Veronai Tudom\u00e1nyegyetem: \u00d6szt\u00f6nd\u00edjak \u00e9s hallgat\u00f3i t\u00e1mogat\u00e1sok\" class=\"read-more\" href=\"https:\/\/ambbudapest.esteri.it\/hu\/news\/dall_ambasciata\/2026\/03\/veronai-tudomanyegyetem-osztondijak-es-hallgatoi-tamogatasok\/\">\n                                    <span class=\"text\">Mutass t\u00f6bbet<\/span>\n                                    <svg class=\"icon\">\n                                    <use xlink:href=\"https:\/\/ambbudapest.esteri.it\/wp-content\/themes\/sedi-tema\/assets\/svg\/sprites.svg#it-arrow-right\"><\/use>\n                                    <\/svg>\n                                <\/a>\n                                                    <\/div>\n                    <\/div>\n                <\/div>\n                <!--end card-->\n                <\/div><!-- col-12 .mt-3-->\n                            <div class=\"col-12 mt-3\">\n                <!--start card-->\n                <div class=\"card-wrapper card-space\">\n                    <div class=\"card card-bg card-big border-bottom-card\">\n                        <div class=\"card-body \">\n                                                        <div class=\"category-top\">\n                                                                                                            <span class=\"\">\n                                        <svg class=\"icon icon-secondary\">\n                                            <use xlink:href=\"https:\/\/ambbudapest.esteri.it\/wp-content\/themes\/sedi-tema\/assets\/svg\/sprites.svg#it-calendar\"><\/use>\n                                        <\/svg> 13 m\u00e1rcius 2026                                    <\/span>\n                                                                    <\/div>\n                            <h5 class=\"card-title big-heading text-uppercase\"><a class=\"text-body text-decoration-none\" href=\"https:\/\/ambbudapest.esteri.it\/hu\/news\/dall_ambasciata\/2026\/03\/scholarships-for-foreign-students-and-italian-citizens-living-abroad-awarded-by-the-italian-government\/\" title=\"Scholarships for foreign students and Italian citizens living abroad awarded by the Italian Government\">Scholarships for foreign students and Italian citizens living abroad awarded by the Italian Government<\/a><\/h5>\n                            <p class=\"card-text\">The\u00a0Ministry of Foreign Affairs and International Cooperation\u00a0(MAECI) offers\u00a0scholarships\u00a0in favour of\u00a0foreign students and Italian citizens living abroad (IRE)\u00a0for the\u00a02026-2027 academic year,\u00a0in order to foster international cooperation in\u00a0cultural, scientific and technological fields, to promote the Italian language and culture and to support Italy\u2019s economic system in the world (According to the Italian law 288\/55 and its subsequent [&hellip;]<\/p>\n                                <a title=\"Scholarships for foreign students and Italian citizens living abroad awarded by the Italian Government\" class=\"read-more\" href=\"https:\/\/ambbudapest.esteri.it\/hu\/news\/dall_ambasciata\/2026\/03\/scholarships-for-foreign-students-and-italian-citizens-living-abroad-awarded-by-the-italian-government\/\">\n                                    <span class=\"text\">Mutass t\u00f6bbet<\/span>\n                                    <svg class=\"icon\">\n                                    <use xlink:href=\"https:\/\/ambbudapest.esteri.it\/wp-content\/themes\/sedi-tema\/assets\/svg\/sprites.svg#it-arrow-right\"><\/use>\n                                    <\/svg>\n                                <\/a>\n                                                    <\/div>\n                    <\/div>\n                <\/div>\n                <!--end card-->\n                <\/div><!-- col-12 .mt-3-->\n                            <div class=\"col-12 mt-3\">\n                <!--start card-->\n                <div class=\"card-wrapper card-space\">\n                    <div class=\"card card-bg card-big border-bottom-card\">\n                        <div class=\"card-body \">\n                                                        <div class=\"category-top\">\n                                                                                                            <span class=\"\">\n                                        <svg class=\"icon icon-secondary\">\n                                            <use xlink:href=\"https:\/\/ambbudapest.esteri.it\/wp-content\/themes\/sedi-tema\/assets\/svg\/sprites.svg#it-calendar\"><\/use>\n                                        <\/svg> 27 febru\u00e1r 2026                                    <\/span>\n                                                                    <\/div>\n                            <h5 class=\"card-title big-heading text-uppercase\"><a class=\"text-body text-decoration-none\" href=\"https:\/\/ambbudapest.esteri.it\/hu\/news\/dall_ambasciata\/2026\/02\/proroga-avviso-pubblico-per-lofferta-dl-sponsorizzazioni-delle-attivita-organizzate-in-occasione-della-festa-della-repubblica-italiana-2026-e-per-eventi-di-promozione-integrata-economico\/\" title=\"PROROGA &#8211; AVVISO PUBBLICO PER L&#8217;OFFERTA Dl SPONSORIZZAZIONI DELLE ATTIVITA\u2019 ORGANIZZATE IN OCCASIONE DELLA FESTA DELLA REPUBBLICA ITALIANA 2026 E PER EVENTI DI PROMOZIONE INTEGRATA, ECONOMICO COMMERCIALE E CULTURALE, NONCHE\u2019 DI NETWORKING ORGANIZZATI DALL\u2019AMBASCIATA D\u2019ITALIA A BUDAPEST.\">PROROGA &#8211; AVVISO PUBBLICO PER L&#8217;OFFERTA Dl SPONSORIZZAZIONI DELLE ATTIVITA\u2019 ORGANIZZATE IN OCCASIONE DELLA FESTA DELLA REPUBBLICA ITALIANA 2026 E PER EVENTI DI PROMOZIONE INTEGRATA, ECONOMICO COMMERCIALE E CULTURALE, NONCHE\u2019 DI NETWORKING ORGANIZZATI DALL\u2019AMBASCIATA D\u2019ITALIA A BUDAPEST.<\/a><\/h5>\n                            <p class=\"card-text\">Considerato l\u2019interesse manifestato da diverse imprese italiane a sostenere iniziative di promozione integrata commerciale e culturale in collaborazione con questa Ambasciata, il termine di scadenza per la presentazione delle offerte di sponsorizzazione da parte dei soggetti interessati \u00e8 prorogato al 27 marzo 2026. Budapest 27\/02\/2026 L\u2019Ambasciatore Giuseppe Scognamiglio AVVISO PUBBLICO PER L\u2019OFFERTA Dl SPONSORIZZAZIONI DELLE [&hellip;]<\/p>\n                                <a title=\"PROROGA &#8211; AVVISO PUBBLICO PER L&#8217;OFFERTA Dl SPONSORIZZAZIONI DELLE ATTIVITA\u2019 ORGANIZZATE IN OCCASIONE DELLA FESTA DELLA REPUBBLICA ITALIANA 2026 E PER EVENTI DI PROMOZIONE INTEGRATA, ECONOMICO COMMERCIALE E CULTURALE, NONCHE\u2019 DI NETWORKING ORGANIZZATI DALL\u2019AMBASCIATA D\u2019ITALIA A BUDAPEST.\" class=\"read-more\" href=\"https:\/\/ambbudapest.esteri.it\/hu\/news\/dall_ambasciata\/2026\/02\/proroga-avviso-pubblico-per-lofferta-dl-sponsorizzazioni-delle-attivita-organizzate-in-occasione-della-festa-della-repubblica-italiana-2026-e-per-eventi-di-promozione-integrata-economico\/\">\n                                    <span class=\"text\">Mutass t\u00f6bbet<\/span>\n                                    <svg class=\"icon\">\n                                    <use xlink:href=\"https:\/\/ambbudapest.esteri.it\/wp-content\/themes\/sedi-tema\/assets\/svg\/sprites.svg#it-arrow-right\"><\/use>\n                                    <\/svg>\n                                <\/a>\n                                                    <\/div>\n                    <\/div>\n                <\/div>\n                <!--end card-->\n                <\/div><!-- col-12 .mt-3-->\n                            <div class=\"col-12 mt-3\">\n                <!--start card-->\n                <div class=\"card-wrapper card-space\">\n                    <div class=\"card card-bg card-big border-bottom-card\">\n                        <div class=\"card-body \">\n                                                        <div class=\"category-top\">\n                                                                                                            <span class=\"\">\n                                        <svg class=\"icon icon-secondary\">\n                                            <use xlink:href=\"https:\/\/ambbudapest.esteri.it\/wp-content\/themes\/sedi-tema\/assets\/svg\/sprites.svg#it-calendar\"><\/use>\n                                        <\/svg> 27 febru\u00e1r 2026                                    <\/span>\n                                                                    <\/div>\n                            <h5 class=\"card-title big-heading text-uppercase\"><a class=\"text-body text-decoration-none\" href=\"https:\/\/ambbudapest.esteri.it\/hu\/news\/dall_ambasciata\/2026\/02\/palyazati-felhivas-olasz-nyelven-megjeleno-konyvek-forditasanak-tamogatasahoz-2026\/\" title=\"P\u00e1ly\u00e1zati felh\u00edv\u00e1s olasz nyelven megjelen\u0151 k\u00f6nyvek ford\u00edt\u00e1s\u00e1nak t\u00e1mogat\u00e1s\u00e1hoz \u2013 2026\">P\u00e1ly\u00e1zati felh\u00edv\u00e1s olasz nyelven megjelen\u0151 k\u00f6nyvek ford\u00edt\u00e1s\u00e1nak t\u00e1mogat\u00e1s\u00e1hoz \u2013 2026<\/a><\/h5>\n                            <p class=\"card-text\">Az olasz K\u00fcl\u00fcgyi \u00e9s Nemzetk\u00f6zi Egy\u00fcttm\u0171k\u00f6d\u00e9si Miniszt\u00e9rium k\u00f6zz\u00e9tette az olasz nyelv\u0171 sz\u00e9pirodalmi \u00e9s tudom\u00e1nyos munk\u00e1k idegen nyelvre t\u00f6rt\u00e9n\u0151 ford\u00edt\u00e1s\u00e1nak, illetve olasz r\u00f6vid- \u00e9s nagyj\u00e1t\u00e9kfilmek, sorozatok szinkroniz\u00e1l\u00e1s\u00e1nak, feliratoz\u00e1s\u00e1nak t\u00e1mogat\u00e1s\u00e1ra vonatkoz\u00f3 p\u00e1ly\u00e1zati felh\u00edv\u00e1s\u00e1t. A p\u00e1ly\u00e1zat bead\u00e1s\u00e1nak hat\u00e1rideje: 2026. m\u00e1rcius 31. Az olasz nyelv\u0171 p\u00e1ly\u00e1zati ki\u00edr\u00e1s\u00a0let\u00f6lt\u00e9se Az angol nyelv\u0171 p\u00e1ly\u00e1zati ki\u00edr\u00e1s\u00a0let\u00f6lt\u00e9se A p\u00e1ly\u00e1zati ki\u00edr\u00e1s\u00a0magyar nyelv\u0171 \u00f6sszefoglal\u00f3ja A beny\u00fajtand\u00f3 [&hellip;]<\/p>\n                                <a title=\"P\u00e1ly\u00e1zati felh\u00edv\u00e1s olasz nyelven megjelen\u0151 k\u00f6nyvek ford\u00edt\u00e1s\u00e1nak t\u00e1mogat\u00e1s\u00e1hoz \u2013 2026\" class=\"read-more\" href=\"https:\/\/ambbudapest.esteri.it\/hu\/news\/dall_ambasciata\/2026\/02\/palyazati-felhivas-olasz-nyelven-megjeleno-konyvek-forditasanak-tamogatasahoz-2026\/\">\n                                    <span class=\"text\">Mutass t\u00f6bbet<\/span>\n                                    <svg class=\"icon\">\n                                    <use xlink:href=\"https:\/\/ambbudapest.esteri.it\/wp-content\/themes\/sedi-tema\/assets\/svg\/sprites.svg#it-arrow-right\"><\/use>\n                                    <\/svg>\n                                <\/a>\n                                                    <\/div>\n                    <\/div>\n                <\/div>\n                <!--end card-->\n                <\/div><!-- col-12 .mt-3-->\n                            <div class=\"col-12 mt-3\">\n                <!--start card-->\n                <div class=\"card-wrapper card-space\">\n                    <div class=\"card card-bg card-big border-bottom-card\">\n                        <div class=\"card-body \">\n                                                        <div class=\"category-top\">\n                                                                                                            <span class=\"\">\n                                        <svg class=\"icon icon-secondary\">\n                                            <use xlink:href=\"https:\/\/ambbudapest.esteri.it\/wp-content\/themes\/sedi-tema\/assets\/svg\/sprites.svg#it-calendar\"><\/use>\n                                        <\/svg> 17 febru\u00e1r 2026                                    <\/span>\n                                                                    <\/div>\n                            <h5 class=\"card-title big-heading text-uppercase\"><a class=\"text-body text-decoration-none\" href=\"https:\/\/ambbudapest.esteri.it\/hu\/news\/dall_ambasciata\/2026\/02\/trento-i-egyetem-2026-2027-es-tanevre-szolo-nemzetkozi-biztonsagi-tanulmanyok-miss-valamint-az-europai-es-nemzetkozi-tanulmanyok-meis-mesterkepzesekre-vonatkozo-felveteli-felhivasai\/\" title=\"Trento-i Egyetem 2026\/2027-es tan\u00e9vre sz\u00f3l\u00f3  Nemzetk\u00f6zi Biztons\u00e1gi Tanulm\u00e1nyok (MISS), valamint az Eur\u00f3pai \u00e9s Nemzetk\u00f6zi Tanulm\u00e1nyok (MEIS) mesterk\u00e9pz\u00e9sekre vonatkoz\u00f3 felv\u00e9teli felh\u00edv\u00e1sai\">Trento-i Egyetem 2026\/2027-es tan\u00e9vre sz\u00f3l\u00f3  Nemzetk\u00f6zi Biztons\u00e1gi Tanulm\u00e1nyok (MISS), valamint az Eur\u00f3pai \u00e9s Nemzetk\u00f6zi Tanulm\u00e1nyok (MEIS) mesterk\u00e9pz\u00e9sekre vonatkoz\u00f3 felv\u00e9teli felh\u00edv\u00e1sai<\/a><\/h5>\n                            <p class=\"card-text\">A Trento-i Egyetem Nemzetk\u00f6zi Tanulm\u00e1nyok Kara k\u00f6zz\u00e9tette a 2026\/2027-es tan\u00e9vre sz\u00f3l\u00f3 \u00a0Nemzetk\u00f6zi Biztons\u00e1gi Tanulm\u00e1nyok (MISS), valamint az Eur\u00f3pai \u00e9s Nemzetk\u00f6zi Tanulm\u00e1nyok (MEIS) mesterk\u00e9pz\u00e9sekre vonatkoz\u00f3 felv\u00e9teli felh\u00edv\u00e1sait. Mindk\u00e9t k\u00e9pz\u00e9s teljes eg\u00e9sz\u00e9ben angol nyelven zajlik, \u00e9s k\u00e9t kiv\u00e1laszt\u00e1si szakaszt tartalmaz: az els\u0151, a \u201enem eur\u00f3pai\u201d jelentkez\u0151k sz\u00e1m\u00e1ra, 2026. m\u00e1rcius 4-ig lesz nyitva; a m\u00e1sodik szakasz (2026. \u00e1prilis [&hellip;]<\/p>\n                                <a title=\"Trento-i Egyetem 2026\/2027-es tan\u00e9vre sz\u00f3l\u00f3  Nemzetk\u00f6zi Biztons\u00e1gi Tanulm\u00e1nyok (MISS), valamint az Eur\u00f3pai \u00e9s Nemzetk\u00f6zi Tanulm\u00e1nyok (MEIS) mesterk\u00e9pz\u00e9sekre vonatkoz\u00f3 felv\u00e9teli felh\u00edv\u00e1sai\" class=\"read-more\" href=\"https:\/\/ambbudapest.esteri.it\/hu\/news\/dall_ambasciata\/2026\/02\/trento-i-egyetem-2026-2027-es-tanevre-szolo-nemzetkozi-biztonsagi-tanulmanyok-miss-valamint-az-europai-es-nemzetkozi-tanulmanyok-meis-mesterkepzesekre-vonatkozo-felveteli-felhivasai\/\">\n                                    <span class=\"text\">Mutass t\u00f6bbet<\/span>\n                                    <svg class=\"icon\">\n                                    <use xlink:href=\"https:\/\/ambbudapest.esteri.it\/wp-content\/themes\/sedi-tema\/assets\/svg\/sprites.svg#it-arrow-right\"><\/use>\n                                    <\/svg>\n                                <\/a>\n                                                    <\/div>\n                    <\/div>\n                <\/div>\n                <!--end card-->\n                <\/div><!-- col-12 .mt-3-->\n                            <div class=\"col-12 mt-3\">\n                <!--start card-->\n                <div class=\"card-wrapper card-space\">\n                    <div class=\"card card-bg card-big border-bottom-card\">\n                        <div class=\"card-body \">\n                                                        <div class=\"category-top\">\n                                                                                                            <span class=\"\">\n                                        <svg class=\"icon icon-secondary\">\n                                            <use xlink:href=\"https:\/\/ambbudapest.esteri.it\/wp-content\/themes\/sedi-tema\/assets\/svg\/sprites.svg#it-calendar\"><\/use>\n                                        <\/svg> 10 febru\u00e1r 2026                                    <\/span>\n                                                                    <\/div>\n                            <h5 class=\"card-title big-heading text-uppercase\"><a class=\"text-body text-decoration-none\" href=\"https:\/\/ambbudapest.esteri.it\/hu\/news\/dall_ambasciata\/2026\/02\/a-vis-informatikai-rendszer-ideiglenes-leallasa-belepesi-vizumok-ugyintezese-es-kiadasa-celjabol\/\" title=\"A VIS informatikai rendszer ideiglenes le\u00e1ll\u00e1sa bel\u00e9p\u00e9si v\u00edzumok \u00fcgyint\u00e9z\u00e9se \u00e9s kiad\u00e1sa c\u00e9lj\u00e1b\u00f3l\">A VIS informatikai rendszer ideiglenes le\u00e1ll\u00e1sa bel\u00e9p\u00e9si v\u00edzumok \u00fcgyint\u00e9z\u00e9se \u00e9s kiad\u00e1sa c\u00e9lj\u00e1b\u00f3l<\/a><\/h5>\n                            <p class=\"card-text\">T\u00e1j\u00e9koztatjuk a tisztelt \u00fcgyfeleket, hogy 2026. febru\u00e1r 12-\u00e9n 18:00 \u00f3ra (r\u00f3mai id\u0151, CET) \u00e9s 2026. febru\u00e1r 18-\u00e1n 00:00 \u00f3ra (r\u00f3mai id\u0151, CET) k\u00f6z\u00f6tt a VIS oper\u00e1ci\u00f3s rendszer ideiglenes le\u00e1ll\u00e1s\u00e1ra ker\u00fcl sor . Ez egy el\u0151re tervezett \u00e9s s\u00fcrg\u0151s technikai beavatkoz\u00e1s, amely a v\u00edzumk\u00e9relmek fogad\u00e1s\u00e1nak \u00e9s feldolgoz\u00e1s\u00e1nak, valamint a bel\u00e9p\u00e9si v\u00edzumok kiad\u00e1s\u00e1nak \u00e1tmeneti felf\u00fcggeszt\u00e9s\u00e9vel j\u00e1r. A [&hellip;]<\/p>\n                                <a title=\"A VIS informatikai rendszer ideiglenes le\u00e1ll\u00e1sa bel\u00e9p\u00e9si v\u00edzumok \u00fcgyint\u00e9z\u00e9se \u00e9s kiad\u00e1sa c\u00e9lj\u00e1b\u00f3l\" class=\"read-more\" href=\"https:\/\/ambbudapest.esteri.it\/hu\/news\/dall_ambasciata\/2026\/02\/a-vis-informatikai-rendszer-ideiglenes-leallasa-belepesi-vizumok-ugyintezese-es-kiadasa-celjabol\/\">\n                                    <span class=\"text\">Mutass t\u00f6bbet<\/span>\n                                    <svg class=\"icon\">\n                                    <use xlink:href=\"https:\/\/ambbudapest.esteri.it\/wp-content\/themes\/sedi-tema\/assets\/svg\/sprites.svg#it-arrow-right\"><\/use>\n                                    <\/svg>\n                                <\/a>\n                                                    <\/div>\n                    <\/div>\n                <\/div>\n                <!--end card-->\n                <\/div><!-- col-12 .mt-3-->\n                            <div class=\"col-12 mt-3\">\n                <!--start card-->\n                <div class=\"card-wrapper card-space\">\n                    <div class=\"card card-bg card-big border-bottom-card\">\n                        <div class=\"card-body \">\n                                                        <div class=\"category-top\">\n                                                                                                            <span class=\"\">\n                                        <svg class=\"icon icon-secondary\">\n                                            <use xlink:href=\"https:\/\/ambbudapest.esteri.it\/wp-content\/themes\/sedi-tema\/assets\/svg\/sprites.svg#it-calendar\"><\/use>\n                                        <\/svg> 10 febru\u00e1r 2026                                    <\/span>\n                                                                    <\/div>\n                            <h5 class=\"card-title big-heading text-uppercase\"><a class=\"text-body text-decoration-none\" href=\"https:\/\/ambbudapest.esteri.it\/hu\/news\/dall_ambasciata\/2026\/02\/az-olasz-kulugyminiszterium-tamogatast-nyujt-a-rossz-idojaras-altal-sujtott-szicilia-calabria-es-szardinia-reszere\/\" title=\"Az olasz k\u00fcl\u00fcgyminiszt\u00e9rium t\u00e1mogat\u00e1st ny\u00fajt a rossz id\u0151j\u00e1r\u00e1s \u00e1ltal s\u00fajtott Szic\u00edlia, Calabria \u00e9s Szard\u00ednia r\u00e9sz\u00e9re\">Az olasz k\u00fcl\u00fcgyminiszt\u00e9rium t\u00e1mogat\u00e1st ny\u00fajt a rossz id\u0151j\u00e1r\u00e1s \u00e1ltal s\u00fajtott Szic\u00edlia, Calabria \u00e9s Szard\u00ednia r\u00e9sz\u00e9re<\/a><\/h5>\n                            <p class=\"card-text\">Febru\u00e1r 2-i hivatalos l\u00e1togat\u00e1sa sor\u00e1n a k\u00fcl\u00fcgy- \u00e9s nemzetk\u00f6zi egy\u00fcttm\u0171k\u00f6d\u00e9s\u00e9rt felel\u0151s miniszter, Antonio Tajani tal\u00e1lkozott a r\u00e9gi\u00f3k eln\u00f6keivel \u00e9s a helyi v\u00e1llalkoz\u00f3i k\u00f6z\u00f6ss\u00e9gek k\u00e9pvisel\u0151ivel, hogy ismertesse a Korm\u00e1ny \u00e1ltal hozott rendk\u00edv\u00fcli int\u00e9zked\u00e9seket az id\u0151j\u00e1r\u00e1s \u00e1ltal s\u00fajtott ter\u00fcleteken m\u0171k\u00f6d\u0151 v\u00e1llalkoz\u00e1sok t\u00e1mogat\u00e1s\u00e1ra. A k\u00fcl\u00fcgyminiszt\u00e9rium k\u00f6zvetlen el\u00e9rhet\u0151s\u00e9gi csatorn\u00e1t hozott l\u00e9tre az \u00e9rintett v\u00e1llalkoz\u00e1sok sz\u00e1m\u00e1ra: 349 09 29 568 [&hellip;]<\/p>\n                                <a title=\"Az olasz k\u00fcl\u00fcgyminiszt\u00e9rium t\u00e1mogat\u00e1st ny\u00fajt a rossz id\u0151j\u00e1r\u00e1s \u00e1ltal s\u00fajtott Szic\u00edlia, Calabria \u00e9s Szard\u00ednia r\u00e9sz\u00e9re\" class=\"read-more\" href=\"https:\/\/ambbudapest.esteri.it\/hu\/news\/dall_ambasciata\/2026\/02\/az-olasz-kulugyminiszterium-tamogatast-nyujt-a-rossz-idojaras-altal-sujtott-szicilia-calabria-es-szardinia-reszere\/\">\n                                    <span class=\"text\">Mutass t\u00f6bbet<\/span>\n                                    <svg class=\"icon\">\n                                    <use xlink:href=\"https:\/\/ambbudapest.esteri.it\/wp-content\/themes\/sedi-tema\/assets\/svg\/sprites.svg#it-arrow-right\"><\/use>\n                                    <\/svg>\n                                <\/a>\n                                                    <\/div>\n                    <\/div>\n                <\/div>\n                <!--end card-->\n                <\/div><!-- col-12 .mt-3-->\n            \n            <div class=\"col-md-12 mt-4 pb-4\">\n                <nav class=\"navigation col-md-12\" aria-label=\"Navigation\">\n                    <h2 class=\"screen-reader-text visually-hidden\">Paginazione<\/h2>\n                    <div class=\"nav-links\">\n                    <span aria-current=\"page\" class=\"page-numbers current\">1<\/span>\n<a class=\"page-numbers\" href=\"https:\/\/ambbudapest.esteri.it\/hu\/wp-json\/wp\/v2\/pages\/205\/?pag=2\">2<\/a>\n<a class=\"page-numbers\" href=\"https:\/\/ambbudapest.esteri.it\/hu\/wp-json\/wp\/v2\/pages\/205\/?pag=3\">3<\/a>\n<span class=\"page-numbers dots\">&hellip;<\/span>\n<a class=\"page-numbers\" href=\"https:\/\/ambbudapest.esteri.it\/hu\/wp-json\/wp\/v2\/pages\/205\/?pag=13\">13<\/a>\n<a class=\"next page-numbers\" href=\"https:\/\/ambbudapest.esteri.it\/hu\/wp-json\/wp\/v2\/pages\/205\/?pag=2\"><svg class=\"icon icon-primary\"><use xlink:href=\"https:\/\/ambbudapest.esteri.it\/wp-content\/themes\/sedi-tema\/assets\/svg\/sprites.svg#it-chevron-right\"><\/use><\/svg>\n                                    <span class=\"visually-hidden\">K\u00f6vetkez\u0151 oldal<\/span><\/a>                    <\/div>\n                <\/nav>\n            <\/div>   <!--.col-md-12 -->\n              <\/div><!--.row -->\n              \n","protected":false},"excerpt":{"rendered":"","protected":false},"author":1,"featured_media":0,"parent":0,"menu_order":8,"comment_status":"closed","ping_status":"closed","template":"","meta":{"footnotes":""},"class_list":["post-205","page","type-page","status-publish","hentry"],"_links":{"self":[{"href":"https:\/\/ambbudapest.esteri.it\/hu\/wp-json\/wp\/v2\/pages\/205","targetHints":{"allow":["GET"]}}],"collection":[{"href":"https:\/\/ambbudapest.esteri.it\/hu\/wp-json\/wp\/v2\/pages"}],"about":[{"href":"https:\/\/ambbudapest.esteri.it\/hu\/wp-json\/wp\/v2\/types\/page"}],"author":[{"embeddable":true,"href":"https:\/\/ambbudapest.esteri.it\/hu\/wp-json\/wp\/v2\/users\/1"}],"replies":[{"embeddable":true,"href":"https:\/\/ambbudapest.esteri.it\/hu\/wp-json\/wp\/v2\/comments?post=205"}],"version-history":[{"count":1,"href":"https:\/\/ambbudapest.esteri.it\/hu\/wp-json\/wp\/v2\/pages\/205\/revisions"}],"predecessor-version":[{"id":246,"href":"https:\/\/ambbudapest.esteri.it\/hu\/wp-json\/wp\/v2\/pages\/205\/revisions\/246"}],"wp:attachment":[{"href":"https:\/\/ambbudapest.esteri.it\/hu\/wp-json\/wp\/v2\/media?parent=205"}],"curies":[{"name":"wp","href":"https:\/\/api.w.org\/{rel}","templated":true}]}}