{"id":184,"date":"2023-04-11T18:01:19","date_gmt":"2023-04-11T16:01:19","guid":{"rendered":"https:\/\/ambbudapest.esteri.it\/chi-siamo\/gli-uffici\/"},"modified":"2026-03-06T09:54:14","modified_gmt":"2026-03-06T08:54:14","slug":"gli-uffici","status":"publish","type":"page","link":"https:\/\/ambbudapest.esteri.it\/hu\/chi-siamo\/gli-uffici\/","title":{"rendered":"Az irod\u00e1k"},"content":{"rendered":"<p><span id=\"Testo_pag_int\"><strong>Budapesti Olasz Nagyk\u00f6vets\u00e9g<br \/>\nStef\u00e1nia \u00fat 95.<br \/>\n1143 Budapest<br \/>\ntel:\u00a0 +36.1.4606-200 \/ 201<br \/>\nfax: +36.1.4606.260<br \/>\n<\/strong><\/span><strong>E-mail:\u00a0<\/strong><strong><a href=\"mailto:ambasciata.budapest@esteri.it\">ambasciata.budapest@esteri.it<\/a><a>\u00a0<\/a><br \/>\n<\/strong><\/p>\n<p><strong>H\u00edteles\u00edtett e-mail:<\/strong>\u00a0<strong><a href=\"mailto:amb.budapest@cert.esteri.it\">amb.budapest@cert.esteri.it\u00a0<\/a><\/strong><strong>(el\u00e9rhet\u0151s\u00e9geink k\u00f6z\u00fcl hiteles\u00edtett e-mail fogad\u00e1s\u00e1ra alkalmas c\u00edm)<\/strong><\/p>\n<p><a title=\"Terkep\" href=\"http:\/\/maps.google.com\/maps?f=q&amp;hl=it&amp;geocode=&amp;time=&amp;date=&amp;ttype=&amp;q=Budapest,+Stef%C3%A1ni+%C3%BAt+95&amp;sll=47.509056,19.100547&amp;sspn=0.01374,0.029182&amp;ie=UTF8&amp;om=0&amp;ll=47.509432,19.094388&amp;spn=0.00687,0.014591&amp;z=16&amp;iwloc=addr\"><strong><em>Mutasd a t\u00e9rk\u00e9pen<\/em><\/strong><\/a><\/p>\n<p><strong>Hivatalok<\/strong><\/p>\n<p><strong>Nagyk\u00f6vet<br \/>\n<\/strong>\u0150exc. Giuseppe SCOGNAMIGLIO<br \/>\ntel: +36.1.4606.200<br \/>\nE-mail: <a title=\"ambasciata.budapest@esteri.it\" href=\"mailto:ambasciata.budapest@esteri.it\">ambasciata.budapest@esteri.it<\/a><\/p>\n<p><span id=\"Testo_pag_int\"><strong>Politikai oszt\u00e1ly<br \/>\n<\/strong>Diego RANDAZZO\u00a0tan\u00e1csos<br \/>\ntel: +36.1.4606-200<br \/>\nE-mail: <a title=\"ambasciata.budapest@esteri.it\" href=\"mailto:ambasciata.budapest@esteri.it\">ambasciata.budapest@esteri.it<\/a><\/span><\/p>\n<p><strong>Gazdas\u00e1gi-kereskedelmi oszt\u00e1ly<br \/>\n<\/strong>Gazdas\u00e1gi-kereskedelmi oszt\u00e1ly vezet\u0151je: Raffaella LA TORRE<br \/>\ntel:\u00a0 +36.1.4606-200<br \/>\nE-mail: <a href=\"mailto:budapest.commerciale@esteri.it\">budapest.commerciale@esteri.it<\/a><br \/>\n<span id=\"Testo_pag_int\"><strong><br \/>\n<\/strong><strong>Konzul\u00e1tus<br \/>\n<\/strong>Konzul\u00e1tus vezet\u0151je: Diego RANDAZZO tan\u00e1csos<br \/>\n<\/span>tel:\u00a0\u00a0+36.1.4606-200<br \/>\nfax: +36.1.4606-290<br \/>\nE-mail:\u00a0<a title=\"consolare.ambbudapest@esteri.it\" href=\"mailto:consolare.ambbudapest@esteri.it\">consolare.budapest@esteri.it<\/a><\/p>\n<p><strong>Adminisztr\u00e1ci\u00f3s oszt\u00e1ly<br \/>\n<\/strong>Adminisztr\u00e1ci\u00f3s oszt\u00e1ly vezet\u0151je: Angela DORIA<strong><br \/>\n<\/strong>tel:\u00a0 +36.1.4606-200<br \/>\nfax: +36.1.4606-280<br \/>\nE-mail:\u00a0<a title=\"amministrativo.ambbudapest@esteri.it\" href=\"mailto:amministrativo.ambbudapest@esteri.it\">amministrativo.ambbudapest@esteri.it<\/a><\/p>\n<p><strong>Sajt\u00f3oszt\u00e1ly<\/strong><br \/>\nDiego RANDAZZO\u00a0tan\u00e1csos<br \/>\ntel:\u00a0 +36.1.4606.200<br \/>\nfax: +36.1.4606.260<br \/>\n<a href=\"mailto:ambasciata.budapest@esteri.it\">ambasciata.budapest@esteri.it<\/a><\/p>\n<p><strong>Olasz Kult\u00farint\u00e9zet<br \/>\n<\/strong>Kultur\u00e1lis attas\u00e9:\u00a0Gabriele LA POSTA<br \/>\n1088 Budapest<br \/>\nBr\u00f3dy S. u. 8.<br \/>\nTel. +36.1.483 2040<br \/>\nFax. +36.1.317 6653<br \/>\nWeb: <a href=\"https:\/\/iicbudapest.esteri.it\/hu\/\">https:\/\/iicbudapest.esteri.it\/hu\/<\/a><br \/>\ne-mail:\u00a0<a title=\"iicbudapest@esteri.it\" href=\"mailto:iicbudapest@esteri.it\">iicbudapest@esteri.it<\/a><br \/>\n<a href=\"http:\/\/maps.google.com\/maps?q=Budapest+Br%C3%B3dy+S.+u.+8.++&amp;hl=hu&amp;ie=UTF8&amp;geocode=+&amp;hnear=1088+Budapest,+Budapest+VIII.+ker%C3%BClete,+Br%C3%B3dy+S%C3%A1ndor+utca+8,+Magyarorsz%C3%A1g&amp;t=m&amp;z=16\"><strong>Mutasd a t\u00e9rk\u00e9pen<\/strong><\/a><\/p>\n<p><strong>Olasz K\u00fclkereskedelmi Int\u00e9zet<br \/>\n<\/strong>Igazgat\u00f3:\u00a0Giovanna CHIAPPINI CARPENA<br \/>\n1143 Budapest<br \/>\nStef\u00e1nia \u00fat 95.<br \/>\nTel: + 36.1.2667555<br \/>\nFax: +36.1.2660171<br \/>\nWeb: <a href=\"https:\/\/www.ice.it\/it\/mercati\/ungheria\/budapest\">https:\/\/www.ice.it\/it\/mercati\/ungheria\/budapest<\/a><br \/>\nE-mail:\u00a0<a href=\"mailto:budapest@ice.it\">budapest@ice.it<\/a><br \/>\n<a href=\"https:\/\/www.google.de\/maps\/place\/Budapest,+Kossuth+Lajos+t%C3%A9r+13,+1055+Magyarorsz%C3%A1g\/@47.5086994,19.0467883,19z\/data=!4m13!1m7!3m6!1s0x4741dc11b5872e31:0x4a18cdfdbd73fb73!2sBudapest,+Kossuth+Lajos+t%C3%A9r+13,+1055+Magyarorsz%C3%A1g!3b1!8m2!3d47.5087366!4d19.0471665!3m4!1s0x4741dc11b5872e31:0x4a18cdfdbd73fb73!8m2!3d47.5087366!4d19.0471665?hl=hu\"><strong>Mutasd a t\u00e9rk\u00e9pen<\/strong><\/a><\/p>\n","protected":false},"excerpt":{"rendered":"Budapesti Olasz Nagyk\u00f6vets\u00e9g Stef\u00e1nia \u00fat 95. 1143 Budapest tel:\u00a0 +36.1.4606-200 \/ 201 fax: +36.1.4606.260 E-mail:\u00a0ambasciata.budapest@esteri.it\u00a0 H\u00edteles\u00edtett e-mail:\u00a0amb.budapest@cert.esteri.it\u00a0(el\u00e9rhet\u0151s\u00e9geink k\u00f6z\u00fcl hiteles\u00edtett e-mail fogad\u00e1s\u00e1ra alkalmas c\u00edm) Mutasd a t\u00e9rk\u00e9pen Hivatalok Nagyk\u00f6vet \u0150exc. Giuseppe SCOGNAMIGLIO tel: +36.1.4606.200 E-mail: ambasciata.budapest@esteri.it Politikai oszt\u00e1ly Diego RANDAZZO\u00a0tan\u00e1csos tel: +36.1.4606-200 E-mail: ambasciata.budapest@esteri.it Gazdas\u00e1gi-kereskedelmi oszt\u00e1ly Gazdas\u00e1gi-kereskedelmi oszt\u00e1ly vezet\u0151je: Raffaella LA TORRE tel:\u00a0 +36.1.4606-200 E-mail: budapest.commerciale@esteri.it [&hellip;]","protected":false},"author":1,"featured_media":0,"parent":162,"menu_order":4,"comment_status":"closed","ping_status":"closed","template":"","meta":{"footnotes":""},"class_list":["post-184","page","type-page","status-publish","hentry"],"_links":{"self":[{"href":"https:\/\/ambbudapest.esteri.it\/hu\/wp-json\/wp\/v2\/pages\/184","targetHints":{"allow":["GET"]}}],"collection":[{"href":"https:\/\/ambbudapest.esteri.it\/hu\/wp-json\/wp\/v2\/pages"}],"about":[{"href":"https:\/\/ambbudapest.esteri.it\/hu\/wp-json\/wp\/v2\/types\/page"}],"author":[{"embeddable":true,"href":"https:\/\/ambbudapest.esteri.it\/hu\/wp-json\/wp\/v2\/users\/1"}],"replies":[{"embeddable":true,"href":"https:\/\/ambbudapest.esteri.it\/hu\/wp-json\/wp\/v2\/comments?post=184"}],"version-history":[{"count":6,"href":"https:\/\/ambbudapest.esteri.it\/hu\/wp-json\/wp\/v2\/pages\/184\/revisions"}],"predecessor-version":[{"id":4253,"href":"https:\/\/ambbudapest.esteri.it\/hu\/wp-json\/wp\/v2\/pages\/184\/revisions\/4253"}],"up":[{"embeddable":true,"href":"https:\/\/ambbudapest.esteri.it\/hu\/wp-json\/wp\/v2\/pages\/162"}],"wp:attachment":[{"href":"https:\/\/ambbudapest.esteri.it\/hu\/wp-json\/wp\/v2\/media?parent=184"}],"curies":[{"name":"wp","href":"https:\/\/api.w.org\/{rel}","templated":true}]}}