{"id":173,"date":"2023-04-11T18:10:45","date_gmt":"2023-04-11T16:10:45","guid":{"rendered":"https:\/\/ambbudapest.esteri.it\/diplomazia-culturale\/"},"modified":"2024-09-18T11:22:27","modified_gmt":"2024-09-18T09:22:27","slug":"diplomazia-culturale","status":"publish","type":"page","link":"https:\/\/ambbudapest.esteri.it\/hu\/italia-e-ungheria\/diplomazia-culturale\/","title":{"rendered":"Kultur\u00e1lis diplom\u00e1cia"},"content":{"rendered":"<p class=\"boxLevel03\">A kult\u00fara \u00e9s oktat\u00e1s ter\u00fclet\u00e9n Olaszorsz\u00e1g \u00e9s Magyarorsz\u00e1g kapcsolatait a XIV. Egy\u00fcttm\u0171k\u00f6d\u00e9si Program hat\u00e1rozza meg.<\/p>\n<p class=\"boxLevel03\">A Program alapj\u00e1n a meg\u00e1llapod\u00e1sokon, tan\u00e1r- ill. di\u00e1k, adat \u00e9s inform\u00e1ci\u00f3cser\u00e9n, k\u00f6z\u00f6s kutat\u00e1si projekteken kereszt\u00fcl megval\u00f3sul\u00f3 egyetemk\u00f6zi egy\u00fcttm\u0171k\u00f6d\u00e9seket karoljuk fel.<\/p>\n<p>Az oktat\u00e1s ter\u00fclet\u00e9n az egy\u00fcttm\u0171k\u00f6d\u00e9s k\u00fcl\u00f6n\u00f6s hangs\u00falyt helyez egym\u00e1s nyelv\u00e9nek elsaj\u00e1t\u00edt\u00e1s\u00e1ra, egym\u00e1s oktat\u00e1si rendszer\u00e9nek \u00e9s tan\u00edt\u00e1si m\u00f3dszereinek k\u00f6nyvek, tananyagok, audiovizu\u00e1lis \u00e9s oktat\u00e1si anyagok cser\u00e9j\u00e9n t\u00f6rt\u00e9n\u0151 megismer\u00e9s\u00e9re.<\/p>\n<p>A kultur\u00e1lis egy\u00fcttm\u0171k\u00f6d\u00e9s lebonyol\u00edt\u00e1s\u00e1val megb\u00edzott k\u00e9t int\u00e9zm\u00e9ny a Budapesti Olasz Int\u00e9zet \u00e9s a R\u00f3mai Magyar Akad\u00e9mia. A Felek el\u0151seg\u00edtik ki\u00e1ll\u00edt\u00e1sok, sz\u00ednh\u00e1zi el\u0151ad\u00e1sok, koncertek, t\u00e1ncbemutat\u00f3k, filmvet\u00edt\u00e9sek megrendez\u00e9s\u00e9t \u00e9s a kult\u00fara ezen ter\u00fcletein t\u00f6rt\u00e9n\u0151 cser\u00e9ket. Emellett er\u0151s\u00edtik az inform\u00e1ci\u00f3- \u00e9s tapasztalatcser\u00e9t a k\u00f6zkincsek, m\u0171v\u00e9szeti \u00e9s m\u00fazeumi kincsek restaur\u00e1ci\u00f3j\u00e1nak, meg\u0151rz\u00e9s\u00e9nek \u00e9s v\u00e9delm\u00e9nek ter\u00fclet\u00e9n.<\/p>\n<p>Tov\u00e1bbi inform\u00e1ci\u00f3\u00e9rt l\u00e1togass el a Magyarorsz\u00e1gi Olasz Kul\u00farint\u00e9zet honlapj\u00e1ra: <a href=\"http:\/\/www.iicbudapest.esteri.it\/\">https:\/\/iicbudapest.esteri.it\/<\/a><\/p>\n","protected":false},"excerpt":{"rendered":"A kult\u00fara \u00e9s oktat\u00e1s ter\u00fclet\u00e9n Olaszorsz\u00e1g \u00e9s Magyarorsz\u00e1g kapcsolatait a XIV. Egy\u00fcttm\u0171k\u00f6d\u00e9si Program hat\u00e1rozza meg. A Program alapj\u00e1n a meg\u00e1llapod\u00e1sokon, tan\u00e1r- ill. di\u00e1k, adat \u00e9s inform\u00e1ci\u00f3cser\u00e9n, k\u00f6z\u00f6s kutat\u00e1si projekteken kereszt\u00fcl megval\u00f3sul\u00f3 egyetemk\u00f6zi egy\u00fcttm\u0171k\u00f6d\u00e9seket karoljuk fel. Az oktat\u00e1s ter\u00fclet\u00e9n az egy\u00fcttm\u0171k\u00f6d\u00e9s k\u00fcl\u00f6n\u00f6s hangs\u00falyt helyez egym\u00e1s nyelv\u00e9nek elsaj\u00e1t\u00edt\u00e1s\u00e1ra, egym\u00e1s oktat\u00e1si rendszer\u00e9nek \u00e9s tan\u00edt\u00e1si m\u00f3dszereinek k\u00f6nyvek, tananyagok, audiovizu\u00e1lis [&hellip;]","protected":false},"author":1,"featured_media":0,"parent":187,"menu_order":2,"comment_status":"closed","ping_status":"closed","template":"","meta":{"footnotes":""},"class_list":["post-173","page","type-page","status-publish","hentry"],"_links":{"self":[{"href":"https:\/\/ambbudapest.esteri.it\/hu\/wp-json\/wp\/v2\/pages\/173","targetHints":{"allow":["GET"]}}],"collection":[{"href":"https:\/\/ambbudapest.esteri.it\/hu\/wp-json\/wp\/v2\/pages"}],"about":[{"href":"https:\/\/ambbudapest.esteri.it\/hu\/wp-json\/wp\/v2\/types\/page"}],"author":[{"embeddable":true,"href":"https:\/\/ambbudapest.esteri.it\/hu\/wp-json\/wp\/v2\/users\/1"}],"replies":[{"embeddable":true,"href":"https:\/\/ambbudapest.esteri.it\/hu\/wp-json\/wp\/v2\/comments?post=173"}],"version-history":[{"count":5,"href":"https:\/\/ambbudapest.esteri.it\/hu\/wp-json\/wp\/v2\/pages\/173\/revisions"}],"predecessor-version":[{"id":2521,"href":"https:\/\/ambbudapest.esteri.it\/hu\/wp-json\/wp\/v2\/pages\/173\/revisions\/2521"}],"up":[{"embeddable":true,"href":"https:\/\/ambbudapest.esteri.it\/hu\/wp-json\/wp\/v2\/pages\/187"}],"wp:attachment":[{"href":"https:\/\/ambbudapest.esteri.it\/hu\/wp-json\/wp\/v2\/media?parent=173"}],"curies":[{"name":"wp","href":"https:\/\/api.w.org\/{rel}","templated":true}]}}