{"id":170,"date":"2023-04-11T18:10:30","date_gmt":"2023-04-11T16:10:30","guid":{"rendered":"https:\/\/ambbudapest.esteri.it\/diplomazia-economica\/"},"modified":"2023-11-17T10:01:41","modified_gmt":"2023-11-17T09:01:41","slug":"diplomazia-economica","status":"publish","type":"page","link":"https:\/\/ambbudapest.esteri.it\/hu\/italia-e-ungheria\/diplomazia-economica\/","title":{"rendered":"Gazdas\u00e1gdiplom\u00e1cia"},"content":{"rendered":"<p style=\"text-align: left;\">Partnerkapcsolatok \u00e9s twinning programok<\/p>\n<p>2006-ban indult el egy magyar-olasz k\u00f6z\u00f6s twinning program Rom\u00e1ni\u00e1ban. Harmadik orsz\u00e1gokkal val\u00f3 k\u00f6zigazgat\u00e1si partner\/testv\u00e9rkapcsolat ter\u00e9n el\u00e9rt magyar eredm\u00e9nyek k\u00f6z\u00f6tt \u2013 az Olaszorsz\u00e1ggal k\u00f6z\u00f6sen folytatott akci\u00f3k szemsz\u00f6g\u00e9b\u0151l \u2013 az illet\u00e9kes magyar hat\u00f3s\u00e1gok h\u00e1rom rom\u00e1niai twinning p\u00e1ly\u00e1zaton \u00e9rtek el sikereket. (egy a P\u00e9nz\u00fcgyek \u00e9s szerz\u0151d\u00e9sek k\u00f6zponti egys\u00e9g\u00e9re, egy\u2013 francia k\u00f6zrem\u0171k\u00f6d\u00e9ssel \u2013 a sz\u0151l\u00e9szeti-bor\u00e1szati szektorra, egy pedig a p\u00e9nz\u00fcgyminiszt\u00e9rium r\u00e9szv\u00e9tel\u00e9vel m\u0171k\u00f6d\u0151 ir\u00e1ny\u00edt\u00f3hat\u00f3s\u00e1gok kapacit\u00e1s\u00e1nak n\u00f6vel\u00e9s\u00e9re ir\u00e1nyult); ezen kiv\u00fcl Rom\u00e1ni\u00e1ban, Magyarorsz\u00e1g versenyben van m\u00e9g drogmegel\u0151z\u00e9si \u00e9s k\u00e1b\u00edt\u00f3szer elleni harcra, a hat\u00e1r\u0151rs\u00e9g korrupci\u00f3ellenes int\u00e9zked\u00e9seire \u00e9s a schengeni jogszab\u00e1lyok alkalmaz\u00e1s\u00e1ra vonatkoz\u00f3 p\u00e1ly\u00e1zatokon. A korm\u00e1ny szak\u00e9rt\u0151ket k\u00fcld\u00f6tt Maced\u00f3ni\u00e1ba, a helyi rend\u0151rs\u00e9g reformj\u00e1nak seg\u00edt\u00e9s\u00e9re. Alb\u00e1ni\u00e1ban G\u00f6r\u00f6gorsz\u00e1ggal k\u00f6z\u00f6sen egy, a v\u00e1m \u00e9s hat\u00e1r\u0151rizet ir\u00e1ny\u00edt\u00e1s\u00e1ra vonatkoz\u00f3 programot ir\u00e1ny\u00edt; Szlov\u00e1ki\u00e1ban egy hasonl\u00f3 twinning programot nyert el; Horv\u00e1torsz\u00e1gban Hollandi\u00e1val egy\u00fcttm\u0171k\u00f6dve az illeg\u00e1lis bev\u00e1ndorl\u00e1sra vonatkoz\u00f3 programot vezeti; T\u00f6r\u00f6korsz\u00e1gban, Spanyolorsz\u00e1ggal egy\u00fctt, a hat\u00e1r\u0151rs\u00e9g kik\u00e9pz\u00e9s\u00e9re ir\u00e1nyul\u00f3 twinninget ir\u00e1ny\u00edtja; Bosznia-Hercegovin\u00e1ban k\u00f6z\u00e9pszint\u0171 k\u00f6ztisztvisel\u0151k k\u00e9pz\u00e9s\u00e9re fejlesztett ki partnerkapcsolatot; szak\u00e9rt\u0151ket k\u00fcld\u00f6tt Jord\u00e1ni\u00e1ba \u00e9s Egyiptomba \u00e9s hasonl\u00f3 misszi\u00f3 szervez\u00e9se van kil\u00e1t\u00e1sban Marokk\u00f3ban.<\/p>\n<p>A m\u00e1r megval\u00f3sult olasz-magyar twinningek k\u00f6z\u00fcl megeml\u00edtj\u00fck a 2001-es Piemont R\u00e9gi\u00f3 \u00e1ltal elnyert a k\u00f6rnyezetv\u00e9delmi t\u00f6rv\u00e9nyek k\u00f6z\u00f6ss\u00e9gi joganyag\u00e1nak \u00e1tv\u00e9tel\u00e9ben val\u00f3, a magyar K\u00f6rnyezetv\u00e9delmi Miniszt\u00e9rium seg\u00edts\u00e9gny\u00fajt\u00e1s\u00e1ra ir\u00e1nyul\u00f3 twinninget \u00e9s a 2004-ben az olaszorsz\u00e1gi Formez vezette a magyar k\u00f6zigazgat\u00e1si szf\u00e9ra k\u00e9pz\u00e9s\u00e9re \u00e9s a Magyarorsz\u00e1g EU-hoz val\u00f3 csatlakoz\u00e1s\u00e1t megel\u0151z\u0151 strukt\u00far\u00e1lis alapok kezel\u00e9s\u00e9re ir\u00e1nyul\u00f3 twinninget.<\/p>\n<p>Eur\u00f3pai alapok<\/p>\n<p>Magyarorsz\u00e1gon \u00fagy, mint a t\u00f6bbi EU-orsz\u00e1gban, a 2007-2013-as id\u0151szakra vonatkoz\u00f3 Nemzeti Fejleszt\u00e9si Terv m\u00e9g elfogad\u00e1s el\u0151tt \u00e1ll. \u00d6sszesen mintegy 25-26 milli\u00e1rd eur\u00f3r\u00f3l van sz\u00f3, amely a korm\u00e1ny \u00e1ltal kijel\u00f6lt priorit\u00e1sok \u00e9s int\u00e9zked\u00e9sek szerint meghat\u00e1rozott \u00e1gazatok k\u00f6z\u00f6tt ker\u00fcl sz\u00e9toszt\u00e1sra. A Nagyk\u00f6vets\u00e9g a k\u00f6zelm\u00faltban \u201eA struktur\u00e1lis alapok felhaszn\u00e1l\u00e1sa Magyarorsz\u00e1gon a 2004-2006-os id\u0151szakban \u00e9s a k\u00f6vetkez\u0151 Nemzeti Fejleszt\u00e9si Terv kil\u00e1t\u00e1sai\u201d c\u00edmmel jelentetett meg egy tanulm\u00e1nyt, amely K\u00f6vets\u00e9g honlapj\u00e1r\u00f3l let\u00f6lthet\u0151.<\/p>\n<p>A k\u00f6zelm\u00faltban j\u00f6tt l\u00e9tre a Magyarorsz\u00e1gi Olasz Kereskedelmi Kamar\u00e1n\u00e1l a \u201eSportello Europa\u201d (Eur\u00f3-infopont) a Nagyk\u00f6vets\u00e9g \u00e9s az Olasz K\u00fclkereskedelmi Int\u00e9zet (ICE) irod\u00e1j\u00e1nak k\u00f6zrem\u0171k\u00f6d\u00e9s\u00e9vel, amely a k\u00f6z\u00f6ss\u00e9gi finansz\u00edroz\u00e1s szak\u00e9rt\u0151inek seg\u00edts\u00e9g\u00e9vel ad tan\u00e1csot a v\u00e1llalatoknak \u00e9s egyben gyakorlati p\u00e9ld\u00e1ja a K\u00f6vets\u00e9g, az ICE \u00e9s a Kamara Magyarorsz\u00e1gon tev\u00e9kenys\u00e9get elind\u00edtani sz\u00e1nd\u00e9koz\u00f3, vagy m\u00e1r itt jelenl\u00e9v\u0151 olasz v\u00e1llalatok sz\u00e1m\u00e1ra k\u00edn\u00e1lt k\u00f6z\u00f6s szolg\u00e1ltat\u00e1sainak.<\/p>\n<p>Privatiz\u00e1ci\u00f3<\/p>\n<p>Jelenlegi \u00e1llapot\u00e1ban a magyarorsz\u00e1gi privatiz\u00e1ci\u00f3s folyamat majdhogynem lez\u00e1rtnak tekinthet\u0151. A mag\u00e1nos\u00edt\u00e1s 1990-ben indult \u00e9s 1995-ben fokoz\u00f3dott, amikor is a privatiz\u00e1ci\u00f3 ir\u00e1ny\u00edt\u00e1s\u00e1t egy \u00e9ppen erre a c\u00e9lra alap\u00edtott \u00e1llami t\u00e1rsas\u00e1gra b\u00edzt\u00e1k, amelynek feladata az lett, hogy a korm\u00e1ny r\u00e9sz\u00e9r\u0151l kezelje a privatiz\u00e1ci\u00f3t, ez az APV Zrt (\u00c1llami Privatiz\u00e1ci\u00f3s \u00e9s Vagyonkezel\u0151 Zrt).<\/p>\n<p>2005 a fordulat \u00e9ve volt a privatiz\u00e1ci\u00f3s politik\u00e1ban, ugyanis ez az \u00e9v volt a nagy int\u00e9zm\u00e9nyi \u00e1truh\u00e1z\u00e1sok utols\u00f3 \u00e9ve, amit egy\u00e9bir\u00e1nt az \u00faj, privatiz\u00e1ci\u00f3r\u00f3l \u00e9s \u00e1llami vagyonkezel\u00e9sr\u0151l sz\u00f3l\u00f3 t\u00f6rv\u00e9nyek elfogad\u00e1sa jellemzett. Az eredetileg 1859 \u00e1llami tulajdon\u00fa c\u00e9gb\u0151l, 2003 v\u00e9g\u00e9re csak 158 maradt \u00e1llami k\u00e9zben; ez ut\u00f3bbiak k\u00f6z\u00fcl, csak 38 t\u00e1rsas\u00e1g maradt r\u00e9szben vagy eg\u00e9szben \u00e1llami tulajdonban, olyan \u00e1gazatokban, amelyeket a korm\u00e1ny strat\u00e9giailag fontosnak tartott, mint p\u00e9ld\u00e1ul a vegy- \u00e9s energiaipar. 2003-ban privatiz\u00e1lt\u00e1k a Dunaferrt (ac\u00e9lgy\u00e1rt\u00e1s), a Postabankot, a Savingsbankot \u00e9s a Konzumbankot (bankszektor). Ugyanezen szektorban \u00e9s ugyanebben az \u00e9vben kezd\u0151d\u00f6tt meg a Landcredit &amp; Morgage Bank privatiz\u00e1ci\u00f3ja. 2004-ben a privatiz\u00e1ci\u00f3 \u00f6ssz\u00e9rt\u00e9ke 1,6 milli\u00e1rd eur\u00f3 volt \u00e9s ez az \u00e9v volt szemtan\u00faja a Richter gy\u00f3gyszeripari c\u00e9g elad\u00e1s\u00e1nak is, ezen t\u00fal tov\u00e1bbi c\u00e9gek privatiz\u00e1ci\u00f3ja is elindult. 2005-ben a privatiz\u00e1ci\u00f3b\u00f3l sz\u00e1rmaz\u00f3 \u00e9rt\u00e9k el\u00e9rte az 1,5 milli\u00e1rd eur\u00f3t, a nagyobb t\u00e1rsas\u00e1gok k\u00f6z\u00f6tt tal\u00e1ljuk a B\u00e1boln\u00e1t (mez\u0151gazdas\u00e1g), a budapesti ki\u00e1ll\u00edt\u00e1sszervez\u0151 c\u00e9get, a Hungexp\u00f3t, a Ferihegyi Rep\u00fcl\u0151teret, a Mal\u00e9v Hungarian Airlines-t, a r\u00e1di\u00f3s m\u0171sorszor\u00e1ssal foglalkoz\u00f3 Antenna Hung\u00e1ri\u00e1t (televizi\u00f3 \u00e9s telekommunik\u00e1ci\u00f3) \u00e9s a F\u00f6ldhitel Bankot. A magyar hat\u00f3s\u00e1gok ugyanakkor elhat\u00e1rozt\u00e1k, hogy nem sz\u00e1nd\u00e9kozz\u00e1k a j\u00f6v\u0151ben \u00e9rt\u00e9kes\u00edteni a Szerencsej\u00e1t\u00e9k Rt-t (a k\u00f6zv\u00e9lem\u00e9ny nyom\u00e1sa miatt), a Tokaj Keresked\u0151h\u00e1zat (sz\u0151l\u00e9szet-bor\u00e1szat), a Mafilmet (film), amelynek az ir\u00e1ny\u00edt\u00e1s\u00e1t a Magyar Mozg\u00f3k\u00e9p K\u00f6zalap\u00edtv\u00e1nyra \u00e9s a Kultur\u00e1lis \u00d6r\u00f6ks\u00e9g Miniszt\u00e9rium\u00e1ra b\u00edzt\u00e1k.<\/p>\n<p>A privatiz\u00e1ci\u00f3s folyamat sor\u00e1n jelent\u0151s k\u00fclf\u00f6ldi t\u0151ke ker\u00fclt az orsz\u00e1gba: az elm\u00falt 10 sor\u00e1n az \u00e1llami kassz\u00e1ba befoly\u00f3 k\u00f6r\u00fclbel\u00fcl 7,5 milli\u00e1rd eur\u00f3b\u00f3l 5 milli\u00e1rd eur\u00f3 k\u00fclf\u00f6ldi befektet\u0151kt\u0151l sz\u00e1rmazik, lehet\u0151v\u00e9 t\u00e9ve a mag\u00e1nszektornak, hogy a GDP t\u00f6bb, mint 80%-\u00e1hoz j\u00e1ruljon hozz\u00e1, szemben az 1990-es 10%-os adattal. A f\u0151 befektet\u0151k a n\u00e9metek voltak, akiket az amerikaiak, franci\u00e1k, hollandok \u00e9s angolok k\u00f6vetnek. A privatiz\u00e1ci\u00f3ban val\u00f3 olasz r\u00e9szv\u00e9tel el\u00e9g visszafogott volt, csak az \u00f6sszes privatiz\u00e1ci\u00f3 3%-\u00e1t tette ki (az 5 milli\u00e1rd eur\u00f3b\u00f3l, 145 milli\u00f3 eur\u00f3nyi v\u00e1s\u00e1rl\u00e1s hajtottak v\u00e9gre). Jelent\u0151s befektet\u00e9seket val\u00f3s\u00edtott meg a Gruppo ENI (az Enichem-Dunastyr vegyes v\u00e1llalat alap\u00edt\u00e1sa lehet\u0151v\u00e9 tette az olasz c\u00e9g sz\u00e1m\u00e1ra, hogy vezet\u0151 szerepet t\u00f6lts\u00f6n be K\u00f6z\u00e9p-Kelet Eur\u00f3p\u00e1ban a polisztirolgy\u00e1rt\u00e1s ter\u00e9n), az Italgas (amely megv\u00e1s\u00e1rolta a Tig\u00e1zt, az egyik legnagyobb magyar szolg\u00e1ltat\u00f3 t\u00e1rsas\u00e1got), az AGIP (a benzink\u00fat h\u00e1l\u00f3zat kialak\u00edt\u00e1sa miatt), a Pirelli (az MKM megv\u00e1s\u00e1rl\u00e1s\u00e1val), a Gruppo Intesa BCI (amely \u00e1tvette a CIB bankot), a SOLE \u00e9s a Parmalat, amelyek tulajdonosai a Szeged Tej ill. a Fej\u00e9r Tej tejipari v\u00e1llalatoknak, \u00e9s a Gruppo Radici Film (a Biafol megv\u00e1s\u00e1rl\u00e1s\u00e1val a m\u00e1sodik eur\u00f3pai polipropil\u00e9n film gy\u00e1rt\u00f3j\u00e1v\u00e1 v\u00e1lt).<\/p>\n<p>A p\u00e1ly\u00e1zati ki\u00edr\u00e1sok megtekint\u00e9s\u00e9hez l\u00e1togassanak el a k\u00f6vetkez\u0151 oldalra: www.apvrt.hu<\/p>\n<p>Tan\u00e1csad\u00f3 test\u00fcletek<\/p>\n<p>A tan\u00e1csad\u00f3 test\u00fcletek k\u00f6z\u00fcl a k\u00f6vetkez\u0151ket eml\u00edtj\u00fck meg:<\/p>\n<p>\u0178 Vezet\u0151s\u00e9gi Tan\u00e1cs: 1997 \u0151sz\u00e9n j\u00f6tt l\u00e9tre, mint a Nagyk\u00f6vets\u00e9g Gazdas\u00e1gi-Kereskedelmi Oszt\u00e1lya, a K\u00fclkereskedelmi Int\u00e9zet budapesti irod\u00e1ja \u00e9s a Magyarorsz\u00e1gi Olasz Kereskedelmi Kamara k\u00f6z\u00f6tti koordin\u00e1ci\u00f3s int\u00e9zm\u00e9ny, alapvet\u0151en inform\u00e1lis szervez\u0151d\u00e9s, amely a h\u00e1rom int\u00e9zm\u00e9ny &#8211; amelyek saj\u00e1t hat\u00e1sk\u00f6rrel rendelkeznek \u00e9s gazdas\u00e1gi-kereskedelmi jelleg\u0171 t\u00e9m\u00e1kkal foglalkoznak \u2013 munk\u00e1j\u00e1ban egyeztet\u0151 szerepet t\u00f6lt be. Az \u00e1ltal\u00e1ban k\u00e9thetente zajl\u00f3 tal\u00e1lkoz\u00f3k lehet\u0151v\u00e9 teszik a folyamatban l\u00e9v\u0151 \u00fcgyek \u00e9s a fontosabb t\u00e9m\u00e1k megt\u00e1rgyal\u00e1s\u00e1t, valamint az operat\u00edv jelleget \u00f6lt\u0151 k\u00f6z\u00f6s kezdem\u00e9nyez\u00e9sek megszervez\u00e9s\u00e9t (kiadv\u00e1nyok, konferenci\u00e1k, az orsz\u00e1gban megval\u00f3s\u00edtand\u00f3 misszi\u00f3k \u00e9s a kapcsolattart\u00e1s). Azon t\u00fal, hogy a magyarorsz\u00e1gi \u201eSistema Italia\u201d cselekv\u00e9si vonal\u00e1t meghat\u00e1rozza, a Vezet\u0151s\u00e9gi Tan\u00e1cs tev\u00e9kenys\u00e9gi ter\u00fcletei k\u00f6z\u00f6tt tal\u00e1lhat\u00f3 a Magyarorsz\u00e1gon jelenl\u00e9v\u0151 vagy ezen piac ir\u00e1nt \u00e9rdekl\u0151d\u0151 olasz v\u00e1llalatok seg\u00edt\u00e9se is.<\/p>\n<p>\u0178 Kib\u0151v\u00edtett Vezet\u0151s\u00e9gi Tan\u00e1cs: olyan koordin\u00e1ci\u00f3s szervezet, amely id\u0151szakosan tartja \u00fcl\u00e9seit a f\u0151bb k\u00f6z\u00f6s kezdem\u00e9nyez\u00e9sek megvitat\u00e1sa \u00e9rdek\u00e9ben, amelyen r\u00e9szt vesznek a Vezet\u0151s\u00e9gi Tan\u00e1cs int\u00e9zm\u00e9nyei, valamint az ENIT, az Olasz Kultr\u00faint\u00e9zet \u00e9s a Nagyk\u00f6vets\u00e9g Tudom\u00e1nyos R\u00e9szlege. Ezen \u00fcl\u00e9sek eredm\u00e9nyek\u00e9nt sz\u00e1mos esem\u00e9ny val\u00f3sult meg \u00fagy, mint a \u201eK\u00f6z\u00e9p-Eur\u00f3pai Olasz Filmfesztiv\u00e1l\u201d, a \u201eKonferencia-workshop a KKV-k magyar \u00e9s uni\u00f3s t\u00e1mogat\u00e1s\u00e1r\u00f3l\u201d, a \u201eCodice Atlantico ki\u00e1ll\u00edt\u00e1s\u201d \u00e9s Olaszorsz\u00e1g, mint turisztikai c\u00e9lpont n\u00e9pszer\u0171s\u00edt\u00e9se \u00e9s bemutat\u00e1sa c\u00e9lj\u00e1b\u00f3l egy \u201eENIT-inf\u00f3pont\u201d fel\u00e1ll\u00edt\u00e1sa az Olasz Kult\u00farint\u00e9zetben; legut\u00f3bb pedig egy a k\u00f6z\u00f6ss\u00e9gi forr\u00e1sokr\u00f3l t\u00e1j\u00e9koztat\u00e1st ad\u00f3 inform\u00e1ci\u00f3s pontot hoztunk l\u00e9tre a MOKK-on bel\u00fcl.<\/p>\n<p>\u0178 V\u00e1llalkoz\u00f3k Tan\u00e1cskoz\u00f3 Test\u00fclete: a Magyarorsz\u00e1gon m\u0171k\u00f6d\u0151 legnagyobb olasz v\u00e1llalatok vezet\u0151i alkotj\u00e1k. A tal\u00e1lkoz\u00f3k sor\u00e1n a Nagyk\u00f6vets\u00e9g r\u00e9sz\u00e9r\u0151l jelen van a Nagyk\u00f6vet (aki 3-4 havonta h\u00edvja \u00f6ssze \u00e9s eln\u00f6kli az \u00fcl\u00e9seket) \u00e9s a Kereskedelmi Oszt\u00e1ly vezet\u0151je; r\u00e9szt veszen ezen k\u00edv\u00fcl a K\u00fclkereskedelmi Int\u00e9zet Irod\u00e1j\u00e1nak igagazt\u00f3ja \u00e9s a MOKK vezet\u0151je. Az olasz K\u00fcl\u00fcgyminiszt\u00e9rium 1997-ben megfogalmazott ir\u00e1nyvonala alapj\u00e1n sz\u00fclet\u0151 test\u00fclet fejl\u0151d\u00e9sen ment kereszt\u00fcl, amely sor\u00e1n tal\u00e1lkoz\u00f3pontt\u00e1, valamint a Magyarorsz\u00e1gon jelenl\u00e9v\u0151 olasz v\u00e1llalkoz\u00e1sok sz\u00e1m\u00e1ra legfontosabb t\u00e9m\u00e1k megvitat\u00e1s\u00e1nak helysz\u00edn\u00e9v\u00e9 v\u00e1lt. Kezdetben f\u0151k\u00e9nt jelent\u0151s olasz szem\u00e9lyis\u00e9gek magyarorsz\u00e1gi hivatalos l\u00e1togat\u00e1sainak szervez\u00e9s\u00e9re szor\u00edtkozott, majd k\u00e9s\u0151bb v\u00e1lt inform\u00e1lis jelleg\u0171 tan\u00e1cskoz\u00f3 test\u00fclett\u00e9, valamint a \u201eSistema Italia\u201d sz\u00e1m\u00e1ra megjelen\u00e9si \u00e9s kapcsolatteremt\u0151 alkalomm\u00e1. A tal\u00e1lkoz\u00f3kon a magyar politikai, gazdas\u00e1gi \u00e9s p\u00e9nz\u00fcgyi szf\u00e9r\u00e1hoz tartoz\u00f3 vend\u00e9gek el\u0151ad\u00e1saira is sor ker\u00fcl.<\/p>\n<p>\u0178 Olasz-magyar gazdas\u00e1gi konzult\u00e1ci\u00f3s f\u00f3rum: a F\u00f3rum annak a K\u00e9tdoldal\u00fa Bizotts\u00e1gnak az ut\u00f3dja, amelynek alap\u00edt\u00e1sa 1996-ra ny\u00falik vissza \u00e9s az akkori olasz Ipari \u00e9s K\u00fclkereskedelmi Miniszt\u00e9rium \u00e9s az annak megfelel\u0151 magyar miniszt\u00e9rium hozta l\u00e9tre a r\u00e9gi Vegyes Korm\u00e1nyk\u00f6zi Bizotts\u00e1g m\u0171k\u00f6d\u00e9se megsz\u0171n\u00e9se miatt, amelynek utols\u00f3 \u00fcl\u00e9s\u00e9re 1991-ben ker\u00fclt sor. A K\u00e9toldal\u00fa Bizotts\u00e1g \u00fcl\u00e9sei sor\u00e1n (a legutols\u00f3 2003 december\u00e9ben volt) \u00e9rt\u00e9kelt\u00e9k a k\u00e9t gazdas\u00e1g helyzet\u00e9t, a k\u00e9toldal\u00fa kereskedelmi kapcsolatok alakul\u00e1s\u00e1t \u00e9s meghat\u00e1rozt\u00e1k a k\u00e9toldal\u00fa kapcsolatok er\u0151s\u00edt\u00e9s\u00e9re felhaszn\u00e1lhat\u00f3 p\u00e9nz\u00fcgyi eszk\u00f6z\u00f6ket. Mindk\u00e9t korm\u00e1ny sz\u00e1nd\u00e9k\u00e1ban \u00e1ll, hogy az egy\u00fcttm\u0171k\u00f6d\u00e9s ilyen jelleg\u0171 form\u00e1j\u00e1t \u00fajraind\u00edtsa a Gazdas\u00e1gi Konzult\u00e1ci\u00f3s F\u00f3rumon kereszt\u00fcl, az utols\u00f3 F\u00f3rum 2005. m\u00e1jus 20-\u00e1n \u00fclt \u00f6ssze.<\/p>\n<p>\u0178 Olasz-magyar Business Council: konzult\u00e1ci\u00f3s \u00e9s egy\u00fcttm\u0171k\u00f6d\u00e9si test\u00fclet a k\u00e9t orsz\u00e1g gy\u00e1riparos sz\u00f6vets\u00e9gei k\u00f6z\u00f6tt, Budapesten alakult az els\u0151 \u00fcl\u00e9ssel, 2003 december\u00e9ben.<\/p>\n","protected":false},"excerpt":{"rendered":"Partnerkapcsolatok \u00e9s twinning programok 2006-ban indult el egy magyar-olasz k\u00f6z\u00f6s twinning program Rom\u00e1ni\u00e1ban. Harmadik orsz\u00e1gokkal val\u00f3 k\u00f6zigazgat\u00e1si partner\/testv\u00e9rkapcsolat ter\u00e9n el\u00e9rt magyar eredm\u00e9nyek k\u00f6z\u00f6tt \u2013 az Olaszorsz\u00e1ggal k\u00f6z\u00f6sen folytatott akci\u00f3k szemsz\u00f6g\u00e9b\u0151l \u2013 az illet\u00e9kes magyar hat\u00f3s\u00e1gok h\u00e1rom rom\u00e1niai twinning p\u00e1ly\u00e1zaton \u00e9rtek el sikereket. (egy a P\u00e9nz\u00fcgyek \u00e9s szerz\u0151d\u00e9sek k\u00f6zponti egys\u00e9g\u00e9re, egy\u2013 francia k\u00f6zrem\u0171k\u00f6d\u00e9ssel \u2013 a sz\u0151l\u00e9szeti-bor\u00e1szati [&hellip;]","protected":false},"author":1,"featured_media":0,"parent":187,"menu_order":0,"comment_status":"closed","ping_status":"closed","template":"","meta":{"footnotes":""},"class_list":["post-170","page","type-page","status-publish","hentry"],"_links":{"self":[{"href":"https:\/\/ambbudapest.esteri.it\/hu\/wp-json\/wp\/v2\/pages\/170","targetHints":{"allow":["GET"]}}],"collection":[{"href":"https:\/\/ambbudapest.esteri.it\/hu\/wp-json\/wp\/v2\/pages"}],"about":[{"href":"https:\/\/ambbudapest.esteri.it\/hu\/wp-json\/wp\/v2\/types\/page"}],"author":[{"embeddable":true,"href":"https:\/\/ambbudapest.esteri.it\/hu\/wp-json\/wp\/v2\/users\/1"}],"replies":[{"embeddable":true,"href":"https:\/\/ambbudapest.esteri.it\/hu\/wp-json\/wp\/v2\/comments?post=170"}],"version-history":[{"count":4,"href":"https:\/\/ambbudapest.esteri.it\/hu\/wp-json\/wp\/v2\/pages\/170\/revisions"}],"predecessor-version":[{"id":399,"href":"https:\/\/ambbudapest.esteri.it\/hu\/wp-json\/wp\/v2\/pages\/170\/revisions\/399"}],"up":[{"embeddable":true,"href":"https:\/\/ambbudapest.esteri.it\/hu\/wp-json\/wp\/v2\/pages\/187"}],"wp:attachment":[{"href":"https:\/\/ambbudapest.esteri.it\/hu\/wp-json\/wp\/v2\/media?parent=170"}],"curies":[{"name":"wp","href":"https:\/\/api.w.org\/{rel}","templated":true}]}}